{"id":3478,"date":"2015-09-11T10:14:58","date_gmt":"2015-09-11T10:14:58","guid":{"rendered":"https:\/\/www.navis-ag.com\/es\/ueber-uns\/vorstand-mitgliedschaften\/"},"modified":"2019-02-20T08:41:32","modified_gmt":"2019-02-20T08:41:32","slug":"junta-directiva-y-membresias","status":"publish","type":"page","link":"https:\/\/www.navis-ag.com\/es\/acerca-de-nosotros\/junta-directiva-y-membresias\/","title":{"rendered":"Junta directiva y membres\u00edas"},"content":{"rendered":"<p>[et_pb_section bb_built=\u00bb1&#8243; admin_label=\u00bbsection\u00bb transparent_background=\u00bboff\u00bb allow_player_pause=\u00bboff\u00bb inner_shadow=\u00bboff\u00bb parallax=\u00bboff\u00bb parallax_method=\u00bboff\u00bb padding_mobile=\u00bboff\u00bb make_fullwidth=\u00bboff\u00bb use_custom_width=\u00bboff\u00bb width_unit=\u00bbon\u00bb make_equal=\u00bboff\u00bb use_custom_gutter=\u00bboff\u00bb custom_css_main_element=\u00bbpadding-top:50px;\u00bb custom_padding_tablet=\u00bb50px|0|50px|0&#8243; custom_padding_last_edited=\u00bbon|desktop\u00bb][et_pb_row make_fullwidth=\u00bboff\u00bb use_custom_width=\u00bboff\u00bb width_unit=\u00bbon\u00bb use_custom_gutter=\u00bboff\u00bb padding_mobile=\u00bboff\u00bb allow_player_pause=\u00bboff\u00bb parallax=\u00bboff\u00bb parallax_method=\u00bboff\u00bb make_equal=\u00bboff\u00bb padding_right_1=\u00bb50&#8243; padding_top_2=\u00bb15&#8243; column_padding_mobile=\u00bboff\u00bb background_position=\u00bbtop_left\u00bb background_repeat=\u00bbrepeat\u00bb background_size=\u00bbinitial\u00bb][et_pb_column type=\u00bb3_4&#8243;][et_pb_text admin_label=\u00bbJUNTA DIRECTIVA Y MEMBRES\u00cdAS\u00bb background_layout=\u00bblight\u00bb text_orientation=\u00bbleft\u00bb use_border_color=\u00bboff\u00bb border_color=\u00bb#ffffff\u00bb border_style=\u00bbsolid\u00bb module_alignment=\u00bbleft\u00bb background_position=\u00bbtop_left\u00bb background_repeat=\u00bbrepeat\u00bb background_size=\u00bbinitial\u00bb]<\/p>\n<h2>JUNTA DIRECTIVA Y MEMBRES\u00cdAS<\/h2>\n<p>Hasta hace tan s\u00f3lo unos siglos atr\u00e1s, los seres humanos cre\u00edan que la Tierra era plana. Todo aquel que se atreviese a acercarse demasiado al borde, caer\u00eda al vac\u00edo. Por suerte, unos exploradores y comerciantes valientes optaron por confiar en sus propias experiencias. Hoy en d\u00eda el mundo parece ser m\u00e1s peque\u00f1o, el comercio es m\u00e1s din\u00e1mico y la competencia es dura.<\/p>\n<p>&nbsp;<\/p>\n<p>Elegir al transitario adecuado es fundamental para tener \u00e9xito. Una red internacional de representaciones, log\u00edstica y tecnolog\u00eda vanguardista y en primer lugar un equipo orientado al cliente y al servicio hacen que NAVIS sea una \u201cCargo Company\u201d en todos los continentes. Solicite nuestros servicios &#8211; le ofrecemos las soluciones que usted necesita.<\/p>\n<p>[\/et_pb_text][\/et_pb_column][et_pb_column type=\u00bb1_4&#8243;][et_pb_image src=\u00bbhttps:\/\/www.navis-ag.com\/wp-content\/uploads\/2015\/09\/NAVIS-GF.jpg\u00bb title_text=\u00bbVorstand\u00bb show_in_lightbox=\u00bboff\u00bb url_new_window=\u00bboff\u00bb animation=\u00bbright\u00bb sticky=\u00bboff\u00bb align=\u00bbcenter\u00bb force_fullwidth=\u00bboff\u00bb always_center_on_mobile=\u00bbon\u00bb use_border_color=\u00bboff\u00bb border_color=\u00bb#ffffff\u00bb border_style=\u00bbsolid\u00bb custom_css_main_element=\u00bbmargin-top:15px;\u00bb animation_direction=\u00bbright\u00bb animation_style=\u00bbslide\u00bb animation_duration=\u00bb500ms\u00bb animation_intensity_slide=\u00bb10%\u00bb]<\/p>\n<p>&nbsp;<\/p>\n<p>[\/et_pb_image][et_pb_text background_layout=\u00bblight\u00bb text_orientation=\u00bbcenter\u00bb use_border_color=\u00bboff\u00bb border_color=\u00bb#ffffff\u00bb border_style=\u00bbsolid\u00bb module_alignment=\u00bbcenter\u00bb background_position=\u00bbtop_left\u00bb background_repeat=\u00bbrepeat\u00bb background_size=\u00bbinitial\u00bb]<\/p>\n<p>Remo Stork, Presidente de la Junta Directiva y el Dr. Volker Steinmeyer, miembro de la Junta Directiva.<\/p>\n<p>[\/et_pb_text][\/et_pb_column][\/et_pb_row][et_pb_row make_fullwidth=\u00bboff\u00bb use_custom_width=\u00bboff\u00bb width_unit=\u00bbon\u00bb use_custom_gutter=\u00bboff\u00bb padding_mobile=\u00bboff\u00bb module_class=\u00bbsitemap\u00bb allow_player_pause=\u00bboff\u00bb parallax=\u00bboff\u00bb parallax_method=\u00bboff\u00bb make_equal=\u00bboff\u00bb column_padding_mobile=\u00bbon\u00bb background_position=\u00bbtop_left\u00bb background_repeat=\u00bbrepeat\u00bb background_size=\u00bbinitial\u00bb][et_pb_column type=\u00bb4_4&#8243;][et_pb_text admin_label=\u00bbMEMBRES\u00cdAS\u00bb background_layout=\u00bblight\u00bb border_style=\u00bbsolid\u00bb module_alignment=\u00bbleft\u00bb background_position=\u00bbtop_left\u00bb background_repeat=\u00bbrepeat\u00bb background_size=\u00bbinitial\u00bb _builder_version=\u00bb3.0.78&#8243;]<\/p>\n<h2>MEMBRES\u00cdAS<\/h2>\n<ul>\n<li><a href=\"http:\/\/fiata.com\" target=\"_blank\" rel=\"noopener\">FIATA (Federaci\u00f3n Internacional de Asociaciones de Transitarios)<\/a>\u00a0<a href=\"https:\/\/www.navis-ag.com\/_docs\/pdf\/fiata_zertifikat2010.pdf\" target=\"_blank\" rel=\"noopener\">Certificado FIATA<\/a><\/li>\n<li><a href=\"http:\/\/www.iata.com\" target=\"_blank\" rel=\"noopener\">IATA (Asociaci\u00f3n de Transporte A\u00e9reo Internacional)<\/a> <a href=\"https:\/\/www.navis-ag.com\/_docs\/pdf\/iata_zertifikat2010.pdf\" target=\"_blank\" rel=\"noopener\">Certificado\u00a0IATA<\/a><\/li>\n<li><a href=\"https:\/\/www.dslv.org\/\" target=\"_blank\" rel=\"noopener\">Asociaci\u00f3n de Transitarios Alemanes<\/a><\/li>\n<li><a href=\"http:\/\/vhsp.de\">Asociaci\u00f3n de Transitarios de Hamburgo<\/a> (VHSp)<\/li>\n<li><a href=\"http:\/\/fiata.com\" target=\"_blank\" rel=\"noopener\">Hamburg Logistik Initiative<\/a><\/li>\n<li><a href=\"http:\/\/hk24.de\">C\u00e1mara de Comercio de Hamburgo<\/a><\/li>\n<li><a href=\"https:\/\/www.oav.de\/\">OAV &#8211; Ostasiatischer Verein e.V.<\/a><\/li>\n<li><a href=\"https:\/\/www.hafen-klub.de\">HAFEN-KLUB Hamburg e.V.<\/a><\/li>\n<li><a href=\"http:\/\/www.anglo-german-club.de\/\">Anglo-German Club e.V.<\/a><\/li>\n<li>Varios otros comit\u00e9s y organizaciones<\/li>\n<\/ul>\n<p>[\/et_pb_text][\/et_pb_column][\/et_pb_row][\/et_pb_section]<\/p>\n","protected":false},"excerpt":{"rendered":"<p>JUNTA DIRECTIVA Y MEMBRES\u00cdAS Hasta hace tan s\u00f3lo unos siglos atr\u00e1s, los seres humanos cre\u00edan que la Tierra era plana. Todo aquel que se atreviese a acercarse demasiado al borde, caer\u00eda al vac\u00edo. Por suerte, unos exploradores y comerciantes valientes optaron por confiar en sus propias experiencias. Hoy en d\u00eda el mundo parece ser m\u00e1s [&hellip;]<\/p>\n","protected":false},"author":1,"featured_media":0,"parent":3474,"menu_order":0,"comment_status":"open","ping_status":"open","template":"","meta":{"_et_pb_use_builder":"on","_et_pb_old_content":"","_et_gb_content_width":"","footnotes":""},"class_list":["post-3478","page","type-page","status-publish","hentry","wpautop"],"_links":{"self":[{"href":"https:\/\/www.navis-ag.com\/es\/wp-json\/wp\/v2\/pages\/3478","targetHints":{"allow":["GET"]}}],"collection":[{"href":"https:\/\/www.navis-ag.com\/es\/wp-json\/wp\/v2\/pages"}],"about":[{"href":"https:\/\/www.navis-ag.com\/es\/wp-json\/wp\/v2\/types\/page"}],"author":[{"embeddable":true,"href":"https:\/\/www.navis-ag.com\/es\/wp-json\/wp\/v2\/users\/1"}],"replies":[{"embeddable":true,"href":"https:\/\/www.navis-ag.com\/es\/wp-json\/wp\/v2\/comments?post=3478"}],"version-history":[{"count":9,"href":"https:\/\/www.navis-ag.com\/es\/wp-json\/wp\/v2\/pages\/3478\/revisions"}],"predecessor-version":[{"id":8367,"href":"https:\/\/www.navis-ag.com\/es\/wp-json\/wp\/v2\/pages\/3478\/revisions\/8367"}],"up":[{"embeddable":true,"href":"https:\/\/www.navis-ag.com\/es\/wp-json\/wp\/v2\/pages\/3474"}],"wp:attachment":[{"href":"https:\/\/www.navis-ag.com\/es\/wp-json\/wp\/v2\/media?parent=3478"}],"curies":[{"name":"wp","href":"https:\/\/api.w.org\/{rel}","templated":true}]}}